{"id":4462,"date":"2015-08-04T18:02:14","date_gmt":"2015-08-05T00:02:14","guid":{"rendered":"http:\/\/www.guiamedicamorelos.com\/wp-medicos\/gastroenterologos-en-cuernavaca-copy\/"},"modified":"2020-10-06T17:27:14","modified_gmt":"2020-10-06T22:27:14","slug":"geriatras-en-cuernavaca","status":"publish","type":"page","link":"https:\/\/www.guiamedicamorelos.com\/wp-medicos\/geriatras-en-cuernavaca\/","title":{"rendered":"Geri\u00e1tras en Cuernavaca"},"content":{"rendered":"<!--themify_builder_content-->\n<div id=\"themify_builder_content-4462\" data-postid=\"4462\" class=\"themify_builder_content themify_builder_content-4462 themify_builder tf_clear\">\n                    <div  data-lazy=\"1\" class=\"module_row themify_builder_row tb_d468b20 tb_first tf_w\">\n                        <div class=\"row_inner gutter-narrow col_align_top tb_col_count_2 tf_box tf_rel\">\n                        <div  data-lazy=\"1\" class=\"module_column tb-column col3-2 tb_f00a387 first\">\n                    <!-- module text -->\n<div  class=\"module module-text tb_166dcf7   \" data-lazy=\"1\">\n        <div  class=\"tb_text_wrap\">\n        <div class=\"tb_layout_part_wrap tf_w\"><!--themify_builder_content-->\n    <div  class=\"themify_builder_content themify_builder_content-5987 themify_builder not_editable_builder in_the_loop\" data-postid=\"5987\">\n                        <div  data-lazy=\"1\" class=\"module_row themify_builder_row tb_tb72447 tf_w\">\n                        <div class=\"row_inner col_align_top tb_col_count_1 tf_box tf_rel\">\n                        <div  data-lazy=\"1\" class=\"module_column tb-column col-full  tb_urq0777 first\">\n                    <!-- module image -->\n<div  class=\"module module-image tb_z3pd710 image-center    auto_fullwidth tf_mw\" data-lazy=\"1\">\n        <div class=\"image-wrap tf_rel tf_mw\">\n            <a href=\"http:\/\/www.guiamedicamorelos.com\/torre-medica-cuernavaca\">\n                   <img loading=\"lazy\" decoding=\"async\" src=\"http:\/\/www.guiamedicamorelos.com\/wp-medicos\/wp-content\/uploads\/2017\/05\/banner-torremedicacuernavaca-02.jpg\" width=\"700\" height=\"100\" title=\"Geri\u00e1tras en Cuernavaca\" alt=\"Geri\u00e1tras en Cuernavaca\">        <\/a>\n    \n        <\/div>\n    <!-- \/image-wrap -->\n    \n        <\/div>\n<!-- \/module image -->        <\/div>\n                        <\/div>\n        <\/div>\n            <\/div>\n<!--\/themify_builder_content--><\/div>\n    <\/div>\n<\/div>\n<!-- \/module text --><!-- module text -->\n<div  class=\"module module-text tb_24ef440  repeat \" data-lazy=\"1\">\n        <div  class=\"tb_text_wrap\">\n        <p>Geriatras y Geront\u00f3logos en Cuernavaca<\/p>    <\/div>\n<\/div>\n<!-- \/module text --><!-- module text -->\n<div  class=\"module module-text tb_ac455cc  repeat \" data-lazy=\"1\">\n        <div  class=\"tb_text_wrap\">\n        <p><a href=\"https:\/\/www.guiamedicamorelos.com\/wp-medicos\/wp-content\/uploads\/2015\/08\/insercion-vip.png\"><img loading=\"lazy\" decoding=\"async\" class=\"alignnone size-full wp-image-4414\" src=\"https:\/\/www.guiamedicamorelos.com\/wp-medicos\/wp-content\/uploads\/2015\/08\/insercion-vip.png\" alt=\"\" width=\"133\" height=\"30\" \/><\/a><\/p>\n<p><span style=\"color: #434b6e; font-family: 'Ubuntu', sans-serif; font-size: 1.5em;\"><strong>Dr. Eduardo Espinoza Almaraz<br \/><\/strong><\/span>M\u00c9DICO GERIATRA\u00a0<\/p>\n<p>Atenci\u00f3n integral al adulto mayor. Prevenci\u00f3n y control de enfermedades cr\u00f3nicas.<\/p>\n<p style=\"text-align: left;\"><b><a href=\"https:\/\/www.guiamedicamorelos.com\/wp-medicos\/wp-content\/uploads\/2020\/10\/00-eduardo-geriatra-cuernavaca.jpg\"><img loading=\"lazy\" decoding=\"async\" class=\"alignnone size-full wp-image-9566\" src=\"https:\/\/www.guiamedicamorelos.com\/wp-medicos\/wp-content\/uploads\/2020\/10\/00-eduardo-geriatra-cuernavaca.jpg\" alt=\"\" width=\"300\" height=\"235\" \/><\/a><br \/><br \/>CONSULTORIO<br \/><\/b>Privada del Carmen No.9 &#8211; 3er Piso<br \/>Col. Las Palmas, Chipitl\u00e1n.<br \/>Cuernavaca, Mor.<\/p>\n<p><strong>CONSULTA PREVIA CITA<\/strong><br \/>Tels. (777) 2900-100 y \u00a0(777) 312-8776<br \/>Ext. 3010 y 3011<\/p>\n<p><b>ATENCI\u00d3N A\u00a0DOMICILIO<\/b><br \/>Cel. (55) 217-92575 <img loading=\"lazy\" decoding=\"async\" class=\"alignnone wp-image-5092\" src=\"https:\/\/www.guiamedicamorelos.com\/wp-medicos\/wp-content\/uploads\/2016\/07\/logo-whatsapp.png\" alt=\"\" width=\"15\" height=\"14\" \/><\/p>\n<div><span class=\"ace-all-bold-hthree\"><span class=\" author-d-iz88z86z86za0dz67zz78zz78zz74zz68zjz80zz71z9iz90z95iyz85zz78z1xz122zz68zz71zfqbfje6rfr5z86zxfz76zz79zuz81zz68zz85z\"><b>LICENCIATURA: <\/b><\/span><\/span><span class=\"ace-all-bold-hthree\"><span class=\" author-d-iz88z86z86za0dz67zz78zz78zz74zz68zjz80zz71z9iz90z95iyz85zz78z1xz122zz68zz71zfqbfje6rfr5z86zxfz76zz79zuz81zz68zz85z\"><b>M\u00e9dico Cirujano<\/b><\/span><\/span><\/div>\n<div><span class=\" author-d-iz88z86z86za0dz67zz78zz78zz74zz68zjz80zz71z9iz90z95iyz85zz78z1xz122zz68zz71zfqbfje6rfr5z86zxfz76zz79zuz81zz68zz85z\">Universidad Nacional Aut\u00f3noma de M\u00e9xico<\/span><\/div>\n<div><span class=\" author-d-iz88z86z86za0dz67zz78zz78zz74zz68zjz80zz71z9iz90z95iyz85zz78z1xz122zz68zz71zfqbfje6rfr5z86zxfz76zz79zuz81zz68zz85z\">Ciudad de M\u00e9xico<\/span><\/div>\n<div><span class=\" author-d-iz88z86z86za0dz67zz78zz78zz74zz68zjz80zz71z9iz90z95iyz85zz78z1xz122zz68zz71zfqbfje6rfr5z86zxfz76zz79zuz81zz68zz85z\">C\u00e9dula Profesional: 6988043<\/span><\/div>\n<div>\u00a0<\/div>\n<div><span class=\"ace-all-bold-hthree\"><span class=\" author-d-iz88z86z86za0dz67zz78zz78zz74zz68zjz80zz71z9iz90z95iyz85zz78z1xz122zz68zz71zfqbfje6rfr5z86zxfz76zz79zuz81zz68zz85z\"><b>ESPECIALIDAD:\u00a0 Geriatr\u00eda<\/b><\/span><\/span><\/div>\n<div><span class=\" author-d-iz88z86z86za0dz67zz78zz78zz74zz68zjz80zz71z9iz90z95iyz85zz78z1xz122zz68zz71zfqbfje6rfr5z86zxfz76zz79zuz81zz68zz85z\">Hospital General Regional No. 25 &#8211; IMSS<\/span><\/div>\n<div><span class=\" author-d-iz88z86z86za0dz67zz78zz78zz74zz68zjz80zz71z9iz90z95iyz85zz78z1xz122zz68zz71zfqbfje6rfr5z86zxfz76zz79zuz81zz68zz85z\">Hospital General Regional No. 72 &#8211; IMSS<\/span><\/div>\n<div><span class=\" author-d-iz88z86z86za0dz67zz78zz78zz74zz68zjz80zz71z9iz90z95iyz85zz78z1xz122zz68zz71zfqbfje6rfr5z86zxfz76zz79zuz81zz68zz85z\">Ciudad de M\u00e9xico y Edo de M\u00e9x.<\/span><\/div>\n<div>\n<p><span class=\" author-d-iz88z86z86za0dz67zz78zz78zz74zz68zjz80zz71z9iz90z95iyz85zz78z1xz122zz68zz71zfqbfje6rfr5z86zxfz76zz79zuz81zz68zz85z\">C\u00e9dula Especialidad: 10509172<\/span><\/p>\n<\/div>\n<p><a href=\"https:\/\/www.geriatraencuernavaca.com\/\" class=\"shortcode button    large\" style=\"background-color: #9a9fb9;color: #ffffff;\" target=\"_blank\">Ir a P\u00e1gina Web del Dr. Eduardo Espinoza <\/a><br \/><hr class=\"shortcode hr light-gray\" style=\"width:100%;border-width:1px;\" \/><\/p>    <\/div>\n<\/div>\n<!-- \/module text -->        <\/div>\n                    <div  data-lazy=\"1\" class=\"module_column tb-column col3-1 tb_e2df3ed last\">\n                    <!-- module text -->\n<div  class=\"module module-text tb_82c3565   \" data-lazy=\"1\">\n        <div  class=\"tb_text_wrap\">\n            <\/div>\n<\/div>\n<!-- \/module text --><!-- module text -->\n<div  class=\"module module-text tb_890b323   \" data-lazy=\"1\">\n        <div  class=\"tb_text_wrap\">\n        <div class=\"tb_layout_part_wrap tf_w\"><!--themify_builder_content-->\n    <div  class=\"themify_builder_content themify_builder_content-4771 themify_builder not_editable_builder in_the_loop\" data-postid=\"4771\">\n                        <div  data-lazy=\"1\" class=\"module_row themify_builder_row tb_57360ad tf_w\">\n                        <div class=\"row_inner col_align_top tb_col_count_1 tf_box tf_rel\">\n                        <div  data-lazy=\"1\" class=\"module_column tb-column col-full tb_065d41e first\">\n                    <!-- module image -->\n<div  class=\"module module-image tb_ee06636 image-center   tf_mw\" data-lazy=\"1\">\n        <div class=\"image-wrap tf_rel tf_mw\">\n            <a href=\"https:\/\/www.guiamedicamorelos.com\/wp-medicos\/contacto\">\n                   <img loading=\"lazy\" decoding=\"async\" width=\"278\" height=\"111\" src=\"https:\/\/www.guiamedicamorelos.com\/wp-medicos\/wp-content\/uploads\/2015\/07\/anunciate-guiamedicamorelos.jpg\" class=\"wp-post-image wp-image-4347\" alt=\"Gu\u00eda Medica Morelos\" srcset=\"https:\/\/www.guiamedicamorelos.com\/wp-medicos\/wp-content\/uploads\/2015\/07\/anunciate-guiamedicamorelos.jpg 278w, https:\/\/www.guiamedicamorelos.com\/wp-medicos\/wp-content\/uploads\/2015\/07\/anunciate-guiamedicamorelos-375x150.jpg 375w, https:\/\/www.guiamedicamorelos.com\/wp-medicos\/wp-content\/uploads\/2015\/07\/anunciate-guiamedicamorelos-200x80.jpg 200w\" sizes=\"auto, (max-width: 278px) 100vw, 278px\" \/>        <\/a>\n    \n        <\/div>\n    <!-- \/image-wrap -->\n    \n        <\/div>\n<!-- \/module image -->        <\/div>\n                        <\/div>\n        <\/div>\n                        <div  data-lazy=\"1\" class=\"module_row themify_builder_row tb_g0w1509 tf_w\">\n                        <div class=\"row_inner col_align_top tb_col_count_1 tf_box tf_rel\">\n                        <div  data-lazy=\"1\" class=\"module_column tb-column col-full tb_7e8a530 first\">\n                            <\/div>\n                        <\/div>\n        <\/div>\n            <\/div>\n<!--\/themify_builder_content--><\/div>\n    <\/div>\n<\/div>\n<!-- \/module text -->        <\/div>\n                        <\/div>\n        <\/div>\n                        <div  data-lazy=\"1\" class=\"module_row themify_builder_row tb_705b8ee tf_w\">\n                        <div class=\"row_inner col_align_top tb_col_count_1 tf_box tf_rel\">\n                        <div  data-lazy=\"1\" class=\"module_column tb-column col-full tb_ac16cc8 first\">\n                    <!-- module text -->\n<div  class=\"module module-text tb_e621a67   \" data-lazy=\"1\">\n        <div  class=\"tb_text_wrap\">\n        <div class=\"tb_layout_part_wrap tf_w\"><!--themify_builder_content-->\n    <div  class=\"themify_builder_content themify_builder_content-4420 themify_builder not_editable_builder in_the_loop\" data-postid=\"4420\">\n                        <div  data-lazy=\"1\" class=\"module_row themify_builder_row tb_aa4f163 tf_w\">\n                        <div class=\"row_inner col_align_top tb_col_count_1 tf_box tf_rel\">\n                        <div  data-lazy=\"1\" class=\"module_column tb-column col-full tb_487b434 first\">\n                    <!-- module text -->\n<div  class=\"module module-text tb_3490387  repeat \" data-lazy=\"1\">\n        <div  class=\"tb_text_wrap\">\n        <p><strong>NOTA IMPORTANTE:<\/strong> El objetivo de Gu\u00eda M\u00e9dica Morelos, es meramente informativo y de uso publicitario, sin recomendar expl\u00edcitamente alg\u00fan servicio y\/o producto aqu\u00ed anunciado o listado.<\/p>    <\/div>\n<\/div>\n<!-- \/module text -->        <\/div>\n                        <\/div>\n        <\/div>\n            <\/div>\n<!--\/themify_builder_content--><\/div>\n    <\/div>\n<\/div>\n<!-- \/module text -->        <\/div>\n                        <\/div>\n        <\/div>\n        <\/div>\n<!--\/themify_builder_content-->","protected":false},"excerpt":{"rendered":"<p>Geriatras y Geront\u00f3logos en Cuernavaca Dr. Eduardo Espinoza AlmarazM\u00c9DICO GERIATRA\u00a0 Atenci\u00f3n integral al adulto mayor. Prevenci\u00f3n y control de enfermedades cr\u00f3nicas. CONSULTORIOPrivada del Carmen No.9 &#8211; 3er PisoCol. Las Palmas, Chipitl\u00e1n.Cuernavaca, Mor. CONSULTA PREVIA CITATels. (777) 2900-100 y \u00a0(777) 312-8776Ext. 3010 y 3011 ATENCI\u00d3N A\u00a0DOMICILIOCel. (55) 217-92575 LICENCIATURA: M\u00e9dico Cirujano Universidad Nacional Aut\u00f3noma de M\u00e9xico [&hellip;]<\/p>\n","protected":false},"author":1,"featured_media":0,"parent":0,"menu_order":0,"comment_status":"open","ping_status":"open","template":"","meta":{"_monsterinsights_skip_tracking":false,"_monsterinsights_sitenote_active":false,"_monsterinsights_sitenote_note":"","_monsterinsights_sitenote_category":0,"footnotes":""},"class_list":["post-4462","page","type-page","status-publish","hentry","has-post-title","has-post-date","has-post-category","has-post-tag","has-post-comment","has-post-author",""],"amp_enabled":true,"builder_content":"[themify_layout_part id=5987]\n<p>Geriatras y Geront\u00f3logos en Cuernavaca<\/p>\n<p><a href=\"https:\/\/www.guiamedicamorelos.com\/wp-medicos\/wp-content\/uploads\/2015\/08\/insercion-vip.png\"><img loading=\"lazy\" decoding=\"async\" src=\"https:\/\/www.guiamedicamorelos.com\/wp-medicos\/wp-content\/uploads\/2015\/08\/insercion-vip.png\" alt=\"\" width=\"133\" height=\"30\" \/><\/a><\/p> <p><strong>Dr. Eduardo Espinoza Almaraz<br \/><\/strong>M\u00c9DICO GERIATRA\u00a0<\/p> <p>Atenci\u00f3n integral al adulto mayor. Prevenci\u00f3n y control de enfermedades cr\u00f3nicas.<\/p> <p style=\"text-align: left;\"><b><a href=\"https:\/\/www.guiamedicamorelos.com\/wp-medicos\/wp-content\/uploads\/2020\/10\/00-eduardo-geriatra-cuernavaca.jpg\"><img loading=\"lazy\" decoding=\"async\" src=\"https:\/\/www.guiamedicamorelos.com\/wp-medicos\/wp-content\/uploads\/2020\/10\/00-eduardo-geriatra-cuernavaca.jpg\" alt=\"\" width=\"300\" height=\"235\" \/><\/a><br \/><br \/>CONSULTORIO<br \/><\/b>Privada del Carmen No.9 - 3er Piso<br \/>Col. Las Palmas, Chipitl\u00e1n.<br \/>Cuernavaca, Mor.<\/p> <p><strong>CONSULTA PREVIA CITA<\/strong><br \/>Tels. (777) 2900-100 y \u00a0(777) 312-8776<br \/>Ext. 3010 y 3011<\/p> <p><b>ATENCI\u00d3N A\u00a0DOMICILIO<\/b><br \/>Cel. (55) 217-92575 <img loading=\"lazy\" decoding=\"async\" src=\"https:\/\/www.guiamedicamorelos.com\/wp-medicos\/wp-content\/uploads\/2016\/07\/logo-whatsapp.png\" alt=\"\" width=\"15\" height=\"14\" \/><\/p> <b>LICENCIATURA: <\/b><b>M\u00e9dico Cirujano<\/b> Universidad Nacional Aut\u00f3noma de M\u00e9xico Ciudad de M\u00e9xico C\u00e9dula Profesional: 6988043 \u00a0 <b>ESPECIALIDAD:\u00a0 Geriatr\u00eda<\/b> Hospital General Regional No. 25 - IMSS Hospital General Regional No. 72 - IMSS Ciudad de M\u00e9xico y Edo de M\u00e9x.\n<p>C\u00e9dula Especialidad: 10509172<\/p>\n<p>[themify_button style=\"large\" color=\"#9a9fb9\" link=\"https:\/\/www.geriatraencuernavaca.com\/\" target=\"_blank\" text=\"#ffffff\" ]Ir a P\u00e1gina Web del Dr. Eduardo Espinoza [\/themify_button]<br \/>[themify_hr color=\"light-gray\" width=\"100%\" border_width=\"1px\" ]<\/p>\n<p>[themify_layout_part slug=\"siguenos-facebook\"]<\/p>\n<p>[themify_layout_part id=\"4771\"]<\/p>\n<p>[themify_layout_part id=4420]<\/p>","_links":{"self":[{"href":"https:\/\/www.guiamedicamorelos.com\/wp-medicos\/wp-json\/wp\/v2\/pages\/4462","targetHints":{"allow":["GET"]}}],"collection":[{"href":"https:\/\/www.guiamedicamorelos.com\/wp-medicos\/wp-json\/wp\/v2\/pages"}],"about":[{"href":"https:\/\/www.guiamedicamorelos.com\/wp-medicos\/wp-json\/wp\/v2\/types\/page"}],"author":[{"embeddable":true,"href":"https:\/\/www.guiamedicamorelos.com\/wp-medicos\/wp-json\/wp\/v2\/users\/1"}],"replies":[{"embeddable":true,"href":"https:\/\/www.guiamedicamorelos.com\/wp-medicos\/wp-json\/wp\/v2\/comments?post=4462"}],"version-history":[{"count":40,"href":"https:\/\/www.guiamedicamorelos.com\/wp-medicos\/wp-json\/wp\/v2\/pages\/4462\/revisions"}],"predecessor-version":[{"id":9567,"href":"https:\/\/www.guiamedicamorelos.com\/wp-medicos\/wp-json\/wp\/v2\/pages\/4462\/revisions\/9567"}],"wp:attachment":[{"href":"https:\/\/www.guiamedicamorelos.com\/wp-medicos\/wp-json\/wp\/v2\/media?parent=4462"}],"curies":[{"name":"wp","href":"https:\/\/api.w.org\/{rel}","templated":true}]}}