{"id":4490,"date":"2015-08-05T16:30:06","date_gmt":"2015-08-05T22:30:06","guid":{"rendered":"http:\/\/www.guiamedicamorelos.com\/wp-medicos\/nefrologos-en-cuernavaca-copy\/"},"modified":"2022-05-26T17:59:12","modified_gmt":"2022-05-26T22:59:12","slug":"neumologos-en-cuernavaca","status":"publish","type":"page","link":"https:\/\/www.guiamedicamorelos.com\/wp-medicos\/neumologos-en-cuernavaca\/","title":{"rendered":"Neum\u00f3logos en Cuernavaca"},"content":{"rendered":"<!--themify_builder_content-->\n<div id=\"themify_builder_content-4490\" data-postid=\"4490\" class=\"themify_builder_content themify_builder_content-4490 themify_builder tf_clear\">\n                    <div  data-lazy=\"1\" class=\"module_row themify_builder_row tb_2c0i380 tb_first tf_w\">\n                        <div class=\"row_inner gutter-narrow col_align_top tb_col_count_2 tf_box tf_rel\">\n                        <div  data-lazy=\"1\" class=\"module_column tb-column col3-2 tb_06kj202 first\">\n                    <!-- module text -->\n<div  class=\"module module-text tb_54ke835   \" data-lazy=\"1\">\n        <div  class=\"tb_text_wrap\">\n        <div class=\"tb_layout_part_wrap tf_w\"><!--themify_builder_content-->\n    <div  class=\"themify_builder_content themify_builder_content-5987 themify_builder not_editable_builder in_the_loop\" data-postid=\"5987\">\n                        <div  data-lazy=\"1\" class=\"module_row themify_builder_row tb_tb72447 tf_w\">\n                        <div class=\"row_inner col_align_top tb_col_count_1 tf_box tf_rel\">\n                        <div  data-lazy=\"1\" class=\"module_column tb-column col-full  tb_urq0777 first\">\n                    <!-- module image -->\n<div  class=\"module module-image tb_z3pd710 image-center    auto_fullwidth tf_mw\" data-lazy=\"1\">\n        <div class=\"image-wrap tf_rel tf_mw\">\n            <a href=\"http:\/\/www.guiamedicamorelos.com\/torre-medica-cuernavaca\">\n                   <img loading=\"lazy\" decoding=\"async\" src=\"http:\/\/www.guiamedicamorelos.com\/wp-medicos\/wp-content\/uploads\/2017\/05\/banner-torremedicacuernavaca-02.jpg\" width=\"700\" height=\"100\" title=\"Neum\u00f3logos en Cuernavaca\" alt=\"Neum\u00f3logos en Cuernavaca\">        <\/a>\n    \n        <\/div>\n    <!-- \/image-wrap -->\n    \n        <\/div>\n<!-- \/module image -->        <\/div>\n                        <\/div>\n        <\/div>\n            <\/div>\n<!--\/themify_builder_content--><\/div>\n    <\/div>\n<\/div>\n<!-- \/module text --><!-- module text -->\n<div  class=\"module module-text tb_unnd898   \" data-lazy=\"1\">\n        <div  class=\"tb_text_wrap\">\n        <p>Neum\u00f3logos en Cuernavaca<\/p>    <\/div>\n<\/div>\n<!-- \/module text --><!-- module text -->\n<div  class=\"module module-text tb_2c3u340  repeat \" data-lazy=\"1\">\n        <div  class=\"tb_text_wrap\">\n        <p><strong><img loading=\"lazy\" decoding=\"async\" class=\"alignnone wp-image-4414 size-full\" src=\"https:\/\/www.guiamedicamorelos.com\/wp-medicos\/wp-content\/uploads\/2015\/08\/insercion-vip.png\" alt=\"\" width=\"133\" height=\"30\"><\/strong><\/p>\n<p><strong style=\"color: #434b6e; font-family: Ubuntu, sans-serif; font-size: 1.5em;\">Dr. Alfredo Ben\u00edtez Rivera<\/strong><br><strong>Neumolog\u00eda y Cardioneumolog\u00eda<\/strong><br>Certificado por el Consejo Nacional de Neumolog\u00eda<br>No. CNN-1318<br><br><a href=\"https:\/\/www.guiamedicamorelos.com\/wp-medicos\/wp-content\/uploads\/2019\/11\/dr-alfredo-benitez-neumologo-cuernavaca.jpg\"><img loading=\"lazy\" decoding=\"async\" class=\"alignnone size-medium wp-image-9317\" src=\"https:\/\/www.guiamedicamorelos.com\/wp-medicos\/wp-content\/uploads\/2019\/11\/dr-alfredo-benitez-neumologo-cuernavaca-300x235.jpg\" alt=\"\" width=\"300\" height=\"235\"><\/a><\/p>    <\/div>\n<\/div>\n<!-- \/module text --><!-- module accordion -->\n<div  class=\"module module-accordion tb_ioam332 \" data-behavior=\"toggle\" data-lazy=\"1\">\n    \n    <ul class=\"ui module-accordion  rounded shadow tb_default_color\">\n            <li class=\"builder-accordion-active\">\n            <div class=\"accordion-title tf_rel\">\n                <a href=\"#acc-ioam332-0\" class=\"tb_title_accordion\" aria-controls=\"acc-ioam332-0-content\" aria-expanded=\"true\">\n                    <i class=\"accordion-icon tf_hide\"><svg  class=\"tf_fa tf-fas-chevron-down\" aria-hidden=\"true\"><use href=\"#tf-fas-chevron-down\"><\/use><\/svg><\/i>                    <i class=\"accordion-active-icon\"><svg  class=\"tf_fa tf-fas-chevron-up\" aria-hidden=\"true\"><use href=\"#tf-fas-chevron-up\"><\/use><\/svg><\/i>                    Servicios                <\/a>\n            <\/div><!-- .accordion-title -->\n            <div id=\"acc-ioam332-0-content\" data-id=\"acc-ioam332-0\" aria-hidden=\"false\" class=\"accordion-content tf_clearfix\">\n                                    <div class=\"tb_text_wrap\">\n                        <p>Biopsias pulmonares, Broncoscop\u00edas, Espirometr\u00edas, Electrocardiogramas, Poligraf\u00eda respiratoria (diagn\u00f3stico y terap\u00e9utica). Toracocentesis, Colocaci\u00f3n de drenajes pleurales<br \/>Colocaci\u00f3n de accesos vasculares centrales, Toma de biopsia pleural cerrada, Traqueostom\u00edas percut\u00e1neas (guiadas por broncoscop\u00eda).<\/p>                    <\/div>\n                            <\/div><!-- .accordion-content -->\n        <\/li>\n            <li>\n            <div class=\"accordion-title tf_rel\">\n                <a href=\"#acc-ioam332-1\" class=\"tb_title_accordion\" aria-controls=\"acc-ioam332-1-content\" aria-expanded=\"false\">\n                    <i class=\"accordion-icon\"><svg  class=\"tf_fa tf-fas-chevron-down\" aria-hidden=\"true\"><use href=\"#tf-fas-chevron-down\"><\/use><\/svg><\/i>                    <i class=\"accordion-active-icon tf_hide\"><svg  class=\"tf_fa tf-fas-chevron-up\" aria-hidden=\"true\"><use href=\"#tf-fas-chevron-up\"><\/use><\/svg><\/i>                    Formaci\u00f3n Dr. Alfredo Benitez Rivera                <\/a>\n            <\/div><!-- .accordion-title -->\n            <div id=\"acc-ioam332-1-content\" data-id=\"acc-ioam332-1\" aria-hidden=\"true\" class=\"accordion-content tf_hide tf_clearfix\">\n                                    <div class=\"tb_text_wrap\">\n                        <p><strong>FORMACI\u00d3N DR.\u00a0<b>ALFREDO BEN\u00cdTEZ RIVERA<\/b><\/strong><\/p>\n<p><b>Licenciatura: M\u00e9dico Cirujano<\/b><br \/>Universidad Aut\u00f3noma de Morelos<br \/>Cuernavaca, Mor.<br \/>C\u00e9dula Profesional: 9617453<\/p>\n<p><strong>Especialidad: Neumolog\u00eda<\/strong><br \/>Instituto Nacional de Enfermedades Respiratorias (UNAM)<br \/>Ciudad de M\u00e9xico<br \/>C\u00e9dula Especialidad: 11518385<\/p>\n<p><strong>Fellow: Cardioneumolog\u00eda<\/strong><br \/>Instituto Nacional de Ciencias M\u00e9dicas y Nutrici\u00f3n<br \/>Ciudad de M\u00e9xico\u00a0<\/p>\n<p><strong>Curso-Taller Nacional de Ultrasonido de T\u00f3rax<br \/><\/strong>Instituto Nacional de Enfermedades Respiratorias (UNAM)<br \/>Certificaci\u00f3n INER, folio 6605<br \/>Ciudad de M\u00e9xico<\/p>\n<p><strong>Curso-Taller de Espirometr\u00eda<br \/><\/strong>Instituto Nacional de Enfermedades Respiratorias (UNAM)<br \/>Certificaci\u00f3n NIOSH, folio 2350<br \/>Ciudad de M\u00e9xico<\/p>                    <\/div>\n                            <\/div><!-- .accordion-content -->\n        <\/li>\n        <\/ul>\n\n<\/div><!-- \/module accordion --><!-- module tab -->\n<div  id=\"tb_dt7i995\" class=\"module ui module-tab tb_dt7i995 tab-frame rounded glossy shadow light-blue \" data-lazy=\"1\">\n        <div class=\"tab-nav-current-active tf_hide\">\n\t\t<span class=\"tab_burger_icon_wrap\">\n\t        <span class=\"tab_burger_icon tf_rel\"><\/span>\n\t\t<\/span>\n        <span class=\"tb_activetab_title\">\n            <span class=\"tb_tab_title\">Consultorio Delicias<\/span>\n                    <\/span>\n    <\/div>\n    <ul class=\"tab-nav tf_clearfix tf_scrollbar\">\n                <li class=\"current\" aria-expanded=\"true\">\n            <a href=\"#tab-tb_dt7i995-0\">\n                <em><svg  class=\"tf_fa tf-far-hospital-o\" aria-hidden=\"true\"><use href=\"#tf-far-hospital-o\"><\/use><\/svg><\/em>                <span class=\"tb_tab_title\">Consultorio Delicias<\/span>                                            <\/a>\n        <\/li>\n            <\/ul>\n            <div data-id=\"tab-tb_dt7i995-0\" class=\"tab-content tf_clear\" aria-hidden=\"false\">\n                            <div class=\"tb_text_wrap\">\n                    <p>Av. San Diego No. 1203<br \/>Zona 1, Col. Delicias<br \/>Cuernavaca, Mor.<br \/>Consultorio 306<br \/>C.P. 62330<\/p>\n<p><strong>CITAS<\/strong><br \/>Cel. (55) 7416-2559\u00a0\u00a0<img loading=\"lazy\" decoding=\"async\" class=\"alignnone wp-image-6036\" src=\"https:\/\/www.neumologoalfredobenitez.com\/wp-content\/uploads\/2016\/10\/logo-whatsapp.png\" alt=\"\" width=\"15\" height=\"14\" \/><br \/>Cel.\u00a0 (777) 305-9378<\/p>\n<a href=\"https:\/\/www.neumologoalfredobenitez.com\" class=\"shortcode button    large\" style=\"background-color: #006693;color: #ffffff;\" target=\"_blank\">Ir a P\u00e1gina Web del Dr. Alfredo Ben\u00edtez Rivera<\/a>                <\/div>\n                    <\/div>\n    <\/div>\n<!-- \/module tab -->\n<!-- module text -->\n<div  class=\"module module-text tb_5kar683  repeat \" data-lazy=\"1\">\n        <div  class=\"tb_text_wrap\">\n        <p><strong style=\"color: #434b6e; font-family: Ubuntu, sans-serif; font-size: 1.5em;\">Dra. Sara Bar\u00f3n L\u00f3pez<\/strong><br><strong>Neum\u00f3logo Pedi\u00e1trico<\/strong><\/p>\n<p>Tos cr\u00f3nica, Dificultad para respirar, Neumon\u00eda recurrente, Asma, Fibrosis qu\u00edstica, Apnea, Enfermedad cr\u00f3nica de los pulmones en beb\u00e9s prematuros, Respiraci\u00f3n ruidosa.<\/p>\n<p>Tel. 77729-00100<br><br><br><\/p>    <\/div>\n<\/div>\n<!-- \/module text -->        <\/div>\n                    <div  data-lazy=\"1\" class=\"module_column tb-column col3-1 tb_n40e085 last\">\n                    <!-- module text -->\n<div  class=\"module module-text tb_j58f688   \" data-lazy=\"1\">\n        <div  class=\"tb_text_wrap\">\n            <\/div>\n<\/div>\n<!-- \/module text --><!-- module text -->\n<div  class=\"module module-text tb_2r0m085   \" data-lazy=\"1\">\n        <div  class=\"tb_text_wrap\">\n        <div class=\"tb_layout_part_wrap tf_w\"><!--themify_builder_content-->\n    <div  class=\"themify_builder_content themify_builder_content-4771 themify_builder not_editable_builder in_the_loop\" data-postid=\"4771\">\n                        <div  data-lazy=\"1\" class=\"module_row themify_builder_row tb_57360ad tf_w\">\n                        <div class=\"row_inner col_align_top tb_col_count_1 tf_box tf_rel\">\n                        <div  data-lazy=\"1\" class=\"module_column tb-column col-full tb_065d41e first\">\n                    <!-- module image -->\n<div  class=\"module module-image tb_ee06636 image-center   tf_mw\" data-lazy=\"1\">\n        <div class=\"image-wrap tf_rel tf_mw\">\n            <a href=\"https:\/\/www.guiamedicamorelos.com\/wp-medicos\/contacto\">\n                   <img loading=\"lazy\" decoding=\"async\" width=\"278\" height=\"111\" src=\"https:\/\/www.guiamedicamorelos.com\/wp-medicos\/wp-content\/uploads\/2015\/07\/anunciate-guiamedicamorelos.jpg\" class=\"wp-post-image wp-image-4347\" alt=\"Gu\u00eda Medica Morelos\" srcset=\"https:\/\/www.guiamedicamorelos.com\/wp-medicos\/wp-content\/uploads\/2015\/07\/anunciate-guiamedicamorelos.jpg 278w, https:\/\/www.guiamedicamorelos.com\/wp-medicos\/wp-content\/uploads\/2015\/07\/anunciate-guiamedicamorelos-375x150.jpg 375w, https:\/\/www.guiamedicamorelos.com\/wp-medicos\/wp-content\/uploads\/2015\/07\/anunciate-guiamedicamorelos-200x80.jpg 200w\" sizes=\"auto, (max-width: 278px) 100vw, 278px\" \/>        <\/a>\n    \n        <\/div>\n    <!-- \/image-wrap -->\n    \n        <\/div>\n<!-- \/module image -->        <\/div>\n                        <\/div>\n        <\/div>\n                        <div  data-lazy=\"1\" class=\"module_row themify_builder_row tb_g0w1509 tf_w\">\n                        <div class=\"row_inner col_align_top tb_col_count_1 tf_box tf_rel\">\n                        <div  data-lazy=\"1\" class=\"module_column tb-column col-full tb_7e8a530 first\">\n                            <\/div>\n                        <\/div>\n        <\/div>\n            <\/div>\n<!--\/themify_builder_content--><\/div>\n    <\/div>\n<\/div>\n<!-- \/module text -->        <\/div>\n                        <\/div>\n        <\/div>\n                        <div  data-lazy=\"1\" class=\"module_row themify_builder_row tb_1d7b003 tf_w\">\n                        <div class=\"row_inner col_align_top tb_col_count_1 tf_box tf_rel\">\n                        <div  data-lazy=\"1\" class=\"module_column tb-column col-full tb_yfqq930 first\">\n                    <!-- module text -->\n<div  class=\"module module-text tb_sljx388   \" data-lazy=\"1\">\n        <div  class=\"tb_text_wrap\">\n        <div class=\"tb_layout_part_wrap tf_w\"><!--themify_builder_content-->\n    <div  class=\"themify_builder_content themify_builder_content-4420 themify_builder not_editable_builder in_the_loop\" data-postid=\"4420\">\n                        <div  data-lazy=\"1\" class=\"module_row themify_builder_row tb_aa4f163 tf_w\">\n                        <div class=\"row_inner col_align_top tb_col_count_1 tf_box tf_rel\">\n                        <div  data-lazy=\"1\" class=\"module_column tb-column col-full tb_487b434 first\">\n                    <!-- module text -->\n<div  class=\"module module-text tb_3490387  repeat \" data-lazy=\"1\">\n        <div  class=\"tb_text_wrap\">\n        <p><strong>NOTA IMPORTANTE:<\/strong> El objetivo de Gu\u00eda M\u00e9dica Morelos, es meramente informativo y de uso publicitario, sin recomendar expl\u00edcitamente alg\u00fan servicio y\/o producto aqu\u00ed anunciado o listado.<\/p>    <\/div>\n<\/div>\n<!-- \/module text -->        <\/div>\n                        <\/div>\n        <\/div>\n            <\/div>\n<!--\/themify_builder_content--><\/div>\n    <\/div>\n<\/div>\n<!-- \/module text -->        <\/div>\n                        <\/div>\n        <\/div>\n        <\/div>\n<!--\/themify_builder_content-->","protected":false},"excerpt":{"rendered":"<p>Neum\u00f3logos en Cuernavaca Dr. Alfredo Ben\u00edtez RiveraNeumolog\u00eda y Cardioneumolog\u00edaCertificado por el Consejo Nacional de Neumolog\u00edaNo. CNN-1318 Servicios Biopsias pulmonares, Broncoscop\u00edas, Espirometr\u00edas, Electrocardiogramas, Poligraf\u00eda respiratoria (diagn\u00f3stico y terap\u00e9utica). Toracocentesis, Colocaci\u00f3n de drenajes pleuralesColocaci\u00f3n de accesos vasculares centrales, Toma de biopsia pleural cerrada, Traqueostom\u00edas percut\u00e1neas (guiadas por broncoscop\u00eda). Formaci\u00f3n Dr. Alfredo Benitez Rivera FORMACI\u00d3N DR.\u00a0ALFREDO BEN\u00cdTEZ RIVERA [&hellip;]<\/p>\n","protected":false},"author":1,"featured_media":0,"parent":0,"menu_order":0,"comment_status":"closed","ping_status":"closed","template":"","meta":{"_monsterinsights_skip_tracking":false,"_monsterinsights_sitenote_active":false,"_monsterinsights_sitenote_note":"","_monsterinsights_sitenote_category":0,"footnotes":""},"class_list":["post-4490","page","type-page","status-publish","hentry","has-post-title","has-post-date","has-post-category","has-post-tag","has-post-comment","has-post-author",""],"amp_enabled":true,"builder_content":"<p>[themify_layout_part id=5987]<\/p>\n<p>Neum\u00f3logos en Cuernavaca<\/p>\n<p><strong><img loading=\"lazy\" decoding=\"async\" src=\"https:\/\/www.guiamedicamorelos.com\/wp-medicos\/wp-content\/uploads\/2015\/08\/insercion-vip.png\" alt=\"\" width=\"133\" height=\"30\"><\/strong><\/p> <p><strong style=\"color: #434b6e; font-family: Ubuntu, sans-serif; font-size: 1.5em;\">Dr. Alfredo Ben\u00edtez Rivera<\/strong><br><strong>Neumolog\u00eda y Cardioneumolog\u00eda<\/strong><br>Certificado por el Consejo Nacional de Neumolog\u00eda<br>No. CNN-1318<br><br><a href=\"https:\/\/www.guiamedicamorelos.com\/wp-medicos\/wp-content\/uploads\/2019\/11\/dr-alfredo-benitez-neumologo-cuernavaca.jpg\"><img loading=\"lazy\" decoding=\"async\" src=\"https:\/\/www.guiamedicamorelos.com\/wp-medicos\/wp-content\/uploads\/2019\/11\/dr-alfredo-benitez-neumologo-cuernavaca-300x235.jpg\" alt=\"\" width=\"300\" height=\"235\"><\/a><\/p>\n<ul><li><h4>Servicios<\/h4><p>Biopsias pulmonares, Broncoscop\u00edas, Espirometr\u00edas, Electrocardiogramas, Poligraf\u00eda respiratoria (diagn\u00f3stico y terap\u00e9utica). Toracocentesis, Colocaci\u00f3n de drenajes pleurales<br \/>Colocaci\u00f3n de accesos vasculares centrales, Toma de biopsia pleural cerrada, Traqueostom\u00edas percut\u00e1neas (guiadas por broncoscop\u00eda).<\/p><\/li><li><h4>Formaci\u00f3n Dr. Alfredo Benitez Rivera<\/h4><p><strong>FORMACI\u00d3N DR.\u00a0<b>ALFREDO BEN\u00cdTEZ RIVERA<\/b><\/strong><\/p> <p><b>Licenciatura: M\u00e9dico Cirujano<\/b><br \/>Universidad Aut\u00f3noma de Morelos<br \/>Cuernavaca, Mor.<br \/>C\u00e9dula Profesional: 9617453<\/p> <p><strong>Especialidad: Neumolog\u00eda<\/strong><br \/>Instituto Nacional de Enfermedades Respiratorias (UNAM)<br \/>Ciudad de M\u00e9xico<br \/>C\u00e9dula Especialidad: 11518385<\/p> <p><strong>Fellow: Cardioneumolog\u00eda<\/strong><br \/>Instituto Nacional de Ciencias M\u00e9dicas y Nutrici\u00f3n<br \/>Ciudad de M\u00e9xico\u00a0<\/p> <p><strong>Curso-Taller Nacional de Ultrasonido de T\u00f3rax<br \/><\/strong>Instituto Nacional de Enfermedades Respiratorias (UNAM)<br \/>Certificaci\u00f3n INER, folio 6605<br \/>Ciudad de M\u00e9xico<\/p> <p><strong>Curso-Taller de Espirometr\u00eda<br \/><\/strong>Instituto Nacional de Enfermedades Respiratorias (UNAM)<br \/>Certificaci\u00f3n NIOSH, folio 2350<br \/>Ciudad de M\u00e9xico<\/p><\/li><\/ul>\n<ul><li><h4>Consultorio Delicias<\/h4><p>Av. San Diego No. 1203<br \/>Zona 1, Col. Delicias<br \/>Cuernavaca, Mor.<br \/>Consultorio 306<br \/>C.P. 62330<\/p> <p><strong>CITAS<\/strong><br \/>Cel. (55) 7416-2559\u00a0\u00a0<img src=\"https:\/\/www.neumologoalfredobenitez.com\/wp-content\/uploads\/2016\/10\/logo-whatsapp.png\" alt=\"\" width=\"15\" height=\"14\" \/><br \/>Cel.\u00a0 (777) 305-9378<\/p> <p>[themify_button style=\"large\" color=\"#006693\" link=\"https:\/\/www.neumologoalfredobenitez.com\" target=\"_blank\" text=\"#ffffff\" ]Ir a P\u00e1gina Web del Dr. Alfredo Ben\u00edtez Rivera[\/themify_button]<\/p><\/li><\/ul>\n<p><strong style=\"color: #434b6e; font-family: Ubuntu, sans-serif; font-size: 1.5em;\">Dra. Sara Bar\u00f3n L\u00f3pez<\/strong><br><strong>Neum\u00f3logo Pedi\u00e1trico<\/strong><\/p> <p>Tos cr\u00f3nica, Dificultad para respirar, Neumon\u00eda recurrente, Asma, Fibrosis qu\u00edstica, Apnea, Enfermedad cr\u00f3nica de los pulmones en beb\u00e9s prematuros, Respiraci\u00f3n ruidosa.<\/p> <p>Tel. 77729-00100<br><br><br><\/p>\n<p>[themify_layout_part slug=\"siguenos-facebook\"]<\/p>\n<p>[themify_layout_part id=\"4771\"]<\/p>\n<p>[themify_layout_part id=4420]<\/p>","_links":{"self":[{"href":"https:\/\/www.guiamedicamorelos.com\/wp-medicos\/wp-json\/wp\/v2\/pages\/4490","targetHints":{"allow":["GET"]}}],"collection":[{"href":"https:\/\/www.guiamedicamorelos.com\/wp-medicos\/wp-json\/wp\/v2\/pages"}],"about":[{"href":"https:\/\/www.guiamedicamorelos.com\/wp-medicos\/wp-json\/wp\/v2\/types\/page"}],"author":[{"embeddable":true,"href":"https:\/\/www.guiamedicamorelos.com\/wp-medicos\/wp-json\/wp\/v2\/users\/1"}],"replies":[{"embeddable":true,"href":"https:\/\/www.guiamedicamorelos.com\/wp-medicos\/wp-json\/wp\/v2\/comments?post=4490"}],"version-history":[{"count":54,"href":"https:\/\/www.guiamedicamorelos.com\/wp-medicos\/wp-json\/wp\/v2\/pages\/4490\/revisions"}],"predecessor-version":[{"id":9759,"href":"https:\/\/www.guiamedicamorelos.com\/wp-medicos\/wp-json\/wp\/v2\/pages\/4490\/revisions\/9759"}],"wp:attachment":[{"href":"https:\/\/www.guiamedicamorelos.com\/wp-medicos\/wp-json\/wp\/v2\/media?parent=4490"}],"curies":[{"name":"wp","href":"https:\/\/api.w.org\/{rel}","templated":true}]}}