{"id":4524,"date":"2015-08-06T16:45:45","date_gmt":"2015-08-06T22:45:45","guid":{"rendered":"http:\/\/www.guiamedicamorelos.com\/wp-medicos\/pediatras-en-cuernavaca-copy\/"},"modified":"2023-01-31T13:58:38","modified_gmt":"2023-01-31T19:58:38","slug":"podologos-en-cuernavaca","status":"publish","type":"page","link":"https:\/\/www.guiamedicamorelos.com\/wp-medicos\/podologos-en-cuernavaca\/","title":{"rendered":"Pod\u00f3logos en Cuernavaca"},"content":{"rendered":"<!--themify_builder_content-->\n<div id=\"themify_builder_content-4524\" data-postid=\"4524\" class=\"themify_builder_content themify_builder_content-4524 themify_builder tf_clear\">\n                    <div  data-lazy=\"1\" class=\"module_row themify_builder_row tb_29e944b tb_first tf_w\">\n                        <div class=\"row_inner col_align_top gutter-narrow tb_col_count_2 tf_box tf_rel\">\n                        <div  data-lazy=\"1\" class=\"module_column tb-column col3-2 tb_adff6bd first\">\n                    <!-- module text -->\n<div  class=\"module module-text tb_0992398   \" data-lazy=\"1\">\n        <div  class=\"tb_text_wrap\">\n        <div class=\"tb_layout_part_wrap tf_w\"><!--themify_builder_content-->\n    <div  class=\"themify_builder_content themify_builder_content-5987 themify_builder not_editable_builder in_the_loop\" data-postid=\"5987\">\n                        <div  data-lazy=\"1\" class=\"module_row themify_builder_row tb_tb72447 tf_w\">\n                        <div class=\"row_inner col_align_top tb_col_count_1 tf_box tf_rel\">\n                        <div  data-lazy=\"1\" class=\"module_column tb-column col-full  tb_urq0777 first\">\n                    <!-- module image -->\n<div  class=\"module module-image tb_z3pd710 image-center    auto_fullwidth tf_mw\" data-lazy=\"1\">\n        <div class=\"image-wrap tf_rel tf_mw\">\n            <a href=\"http:\/\/www.guiamedicamorelos.com\/torre-medica-cuernavaca\">\n                   <img loading=\"lazy\" decoding=\"async\" src=\"http:\/\/www.guiamedicamorelos.com\/wp-medicos\/wp-content\/uploads\/2017\/05\/banner-torremedicacuernavaca-02.jpg\" width=\"700\" height=\"100\" title=\"Pod\u00f3logos en Cuernavaca\" alt=\"Pod\u00f3logos en Cuernavaca\">        <\/a>\n    \n        <\/div>\n    <!-- \/image-wrap -->\n    \n        <\/div>\n<!-- \/module image -->        <\/div>\n                        <\/div>\n        <\/div>\n            <\/div>\n<!--\/themify_builder_content--><\/div>\n    <\/div>\n<\/div>\n<!-- \/module text --><!-- module text -->\n<div  class=\"module module-text tb_c8cf30d  repeat \" data-lazy=\"1\">\n        <div  class=\"tb_text_wrap\">\n        <p>Pod\u00f3logos\u00a0en Cuernavaca<\/p>    <\/div>\n<\/div>\n<!-- \/module text --><!-- module text -->\n<div  class=\"module module-text tb_fe82c67  repeat \" data-lazy=\"1\">\n        <div  class=\"tb_text_wrap\">\n        <p><img loading=\"lazy\" decoding=\"async\" class=\"alignnone wp-image-4414 size-full\" src=\"https:\/\/www.guiamedicamorelos.com\/wp-medicos\/wp-content\/uploads\/2015\/08\/insercion-vip.png\" alt=\"insercion vip\" width=\"133\" height=\"30\"><\/p>\n<p style=\"text-align: left;\"><span style=\"color: #434b6e; font-family: 'Ubuntu',sans-serif; font-size: 1.5em; line-height: 1.5em;\"><strong>Cl\u00ednica de Especialidades Podol\u00f3gicas<br>y \u00a0Podi\u00e1tricas de Morelos<\/strong><\/span><\/p>\n<p>Podolog\u00eda Integral, Trastornos en U\u00f1as, Onicomicosis, Dermatomicosis, Ortopedia Especializada.<br><br><strong>Diagn\u00f3stico y tratamiento:<\/strong><br>Pie plano problema de postura, cansancio, dolor de rodillas, dolor de espalda. Matrisectomia: eliminaci\u00f3n de la u\u00f1a encarnada recurrente, U\u00f1a encarnada sin dolor, Facitis plantar, Juanetes,<\/p>\n<p><strong>Problemas de circulaci\u00f3n:<\/strong> Ulceras Varicosas, Heridas complicadas.<br><br><img loading=\"lazy\" decoding=\"async\" class=\"alignnone size-full wp-image-9781\" src=\"https:\/\/www.guiamedicamorelos.com\/wp-medicos\/wp-content\/uploads\/2023\/01\/logo-podologo-julio-castro-cuernavaca.jpg\" alt=\"\" width=\"400\" height=\"158\" srcset=\"https:\/\/www.guiamedicamorelos.com\/wp-medicos\/wp-content\/uploads\/2023\/01\/logo-podologo-julio-castro-cuernavaca.jpg 400w, https:\/\/www.guiamedicamorelos.com\/wp-medicos\/wp-content\/uploads\/2023\/01\/logo-podologo-julio-castro-cuernavaca-300x119.jpg 300w\" sizes=\"auto, (max-width: 400px) 100vw, 400px\" \/><\/p>\n<p><strong style=\"color: #434b6e; text-align: left;\">\u00a1Haz tu cita!<br><\/strong><span style=\"color: #434b6e; text-align: left;\">Cel. (777) 104-4883\u00a0<\/span><img decoding=\"async\" style=\"color: #434b6e; text-align: left;\" src=\"data:image\/png;base64,iVBORw0KGgoAAAANSUhEUgAAABkAAAAXCAYAAAD+4+QTAAAF90lEQVRIiS3U3Y+UVx3A8e\/vnPO8zczuzLILLK20vGNLpC2QWBtIemFMrdFEL4wvMY1Rbk2MMf4dXnjjH2CiiYkoNbEGE5tSIpVa20JbCiUuC3aB3dnZmXme5zznzYv6F3zuPjIN6ym5nIxlUlA4CSiVCKGmV+QQNSYT2lSjRQGCS4lSBiQCxJrQWArfh2QIg4xZZ6l0QYoenTpMColeUTKftPSqHiIaRyArciyOoB2WjlZqtutNmqah3xtSZH2GZohRjn6\/orMR8RHnLKRAShGAoMAU0mM2mTEol4k+4GNCDwyOjgk7XNt6l+t3bzCePUIZRQgBMRrnE6tLj3Fo9ASn951iVCySF0IZhdT8H1FCAsTWk2R0BlEztQ3lcEiL5eP6Ay5d\/xtr\/j62dHg6RAud94gIWudoq1hSK1Rdxctf+ipPsJclDEXI8MEQfAITETdzKaRIFNB9xZgxb2+\/w6tX\/0Qagc0DVhzJO8RoUmFwtqOvKlIb8Z2m1AMKV\/C1M1\/mheo4WRBU6BGDIemAilpIShAUNS037U3++t5f0Ls0nbcwS5RNQS4FzgW61iGiaduaiMf0oGbKLJ9z4Y0\/8p94F68jXiLaCCqB6qTFiSOvDAK8du01NsMYVwfOHT3HL87+nJcPv4TsFChfkrsK1Qp126EKIfgarSwNU9Ji4PevX2DMDiYzOOeQBCpJRJVCqzyXb1\/loZ1gyoKVai\/ndr\/IHpY5ufsEleqBKNrWEVWG6edst1MaX+PoiNIyCRMexDE3tm5R01BkBiSiFJoowhYN1+5dp4sBsTn7h8fIWcRg2MUihw58jpmd0Yin1oFtN8fl0GmY+YYgFq86dozlHzf\/TUKRUiLGiFEh4fBsM2W9+ZR51pLHgkeTMRpNhuCJTCc7AGSVYdrMSCrRhYggmCyj7uZkOtKExN3JAwIBZTQpgJKkgMiEB0zDNhOp2VY7rM\/XGLNBR817d95hfe0eOiTa6ZhCRXIMto7s2IjPS5oYiCkhpabuGh7MN4kCToMyEjBA085QWcSlFis1W2GDSzcv0eI5dPA4w2xI3hjyIEjrYBbppwFL1R6mmw14hRjNfD4nCcQYgUiShCJaNJ5Bpol1QxY9CcssbfPWratcb24j9PjuV77D42qVvDGUvqRsC5bjEO5bRr5PP19gPrOf\/RYTfEaQUkKFJHhgRe9GOoVKBhcCszhjM0347eWLfBjXWGTED1\/6ASdXTtIflzw1OMbPXvwJP\/3GeU7v+TzdliV0gULl4AOjhRFGDJLARLVICB19vZsj+05wZXIVqzRKOVLleb+5Tfvm7zh\/9tscYJUfP\/8KG0c3WFleZYEehxnx9LOPEQaWK5+8TVtbvrD\/KQoKnPeYJKiQGYgFBuHMkecINiNETVSamZ9TVy0fjj\/il3\/4FX+\/dxlBs3\/5IAv0ESKehoRl+9EY02WYNuOZY89hUBAimWiMNUDnWfSaU6vHOLjnAP\/cep+iUiAR56aoqmDdbfDrq7\/hzwuvc+boKU4\/+Qx7WWKTDS68+yq31tfIpcf+3n6eH34RQYg+kCuNkRDQEimIlBgyU2KyCttNyAuD1oEuNlgFusiZNXe489YaF9+4iKSEyzqUUpRhQK8z\/Ohb3ydH8HPHIFsghojpx5bO1rCQ09Bw79F\/mUVLZhTztkaLQwmYCD7VBHH4MscWBpMyYgO9NmOJHue\/\/gpHZA\/aa0xRYJ1HtMKYJKANoHl4\/wHu\/pzl0YDHV4doE7m7\/gmIRwREK6yAj4kYAykJQ0Yc33uA7537Jk9Xh6ELYAPBRHSWk0JEptYmFQOmbfl05yH3sprRvhUqFJ6OG5ObvPmvK1z\/6AOSAQpFYy27+gscWH2Ssyde4NTuZ+mREVpHQUmvWKBtPRohSwnZadtU6owMRWgb2gKCiqjk8QRqEzAUeDo2wiN27IyyV7KLPj0Kcgx4KFSJs4FCV0gy4AK9vCC5DunqJsUYyTAEgXl0AAzzCh86bApEiWQCkmmcBocn4NAeKq8xKmfuPWIyMinwdcti0SN1DlTifzCyQ+fxCLASAAAAAElFTkSuQmCC\" alt=\"\"><strong><br><br>Zona Centro<\/strong><br>Blvd. Benito Ju\u00e1rez No.204-A , Col. Centro.<br>Tel. (777) 312-7945<br>Cuernavaca, Mor.<\/p>\n<p><strong>Zona Norte<\/strong><br>Av. Vicente Guerrero No. 598 Col. Prados de Cuernavaca<br>(Frente a Comisi\u00f3n Federal de Electricidad CFE)<br>Tel. (777) 313-5910 y (777) 311-0974<br>Cuernavaca, Mor.<\/p>\n<p><strong>Horarios de Atenci\u00f3n<\/strong><em><strong><br><\/strong><\/em>Lunes a Viernes de 9:00 a 14:00 hrs y de 16:00 a 18:30 hrs<br>S\u00e1bados de 10:00 a 14:00 hrs<a href=\"https:\/\/www.guiamedicamorelos.com\/wp-medicos\/clinica-especialidades-podologicas-y-podiatricas-de-morelos\/\"><br><\/a><\/p>\n<div><span class=\"ace-all-bold-hthree\"><span class=\" author-d-iz88z86z86za0dz67zz78zz78zz74zz68zjz80zz71z9iz90z95iyz85zz78z1xz122zz68zz71zfqbfje6rfr5z86zxfz76zz79zuz81zz68zz85z\"><b>Atenci\u00f3n Especial<\/b><\/span><\/span><\/div>\n<div><span class=\"ace-all-bold-hthree\"><span class=\" author-d-iz88z86z86za0dz67zz78zz78zz74zz68zjz80zz71z9iz90z95iyz85zz78z1xz122zz68zz71zfqbfje6rfr5z86zxfz76zz79zuz81zz68zz85z\"><b>Lic. Julio Castro Robles<\/b><\/span><\/span><\/div>\n<div><span class=\" author-d-iz88z86z86za0dz67zz78zz78zz74zz68zjz80zz71z9iz90z95iyz85zz78z1xz122zz68zz71zfqbfje6rfr5z86zxfz76zz79zuz81zz68zz85z\">T\u00e9cnico Profesional en Podolog\u00eda.<\/span><\/div>\n<div><span class=\" author-d-iz88z86z86za0dz67zz78zz78zz74zz68zjz80zz71z9iz90z95iyz85zz78z1xz122zz68zz71zfqbfje6rfr5z86zxfz76zz79zuz81zz68zz85z\">Facultad: Instituto Podologico Toluca A.C.<\/span><\/div>\n<div><span class=\" author-d-iz88z86z86za0dz67zz78zz78zz74zz68zjz80zz71z9iz90z95iyz85zz78z1xz122zz68zz71zfqbfje6rfr5z86zxfz76zz79zuz81zz68zz85z\">Toluca de Lerdo, \u00a0Edo. de M\u00e9xico<\/span><\/div>\n<div><span class=\" author-d-iz88z86z86za0dz67zz78zz78zz74zz68zjz80zz71z9iz90z95iyz85zz78z1xz122zz68zz71zfqbfje6rfr5z86zxfz76zz79zuz81zz68zz85z\">C\u00e9dula Prof. 13991718<\/span><\/div>\n<p><a class=\"shortcode button large\" style=\"background-color: #9a9fb9; color: #ffffff;\" href=\"https:\/\/www.guiamedicamorelos.com\/wp-medicos\/clinica-especialidades-podologicas-y-podiatricas-de-morelos\">Ir a P\u00e1gina Web del la Cl\u00ednica Podol\u00f3gica<\/a><\/p>\n<hr class=\"shortcode hr light-gray\" style=\"width: 100%; border-width: 1px;\">    <\/div>\n<\/div>\n<!-- \/module text --><!-- module text -->\n<div  class=\"module module-text tb_t539513  repeat \" data-lazy=\"1\">\n        <div  class=\"tb_text_wrap\">\n        <p><strong>Norma Elizabeth Valdez C.<\/strong><br \/>Tel. (777) 124-0400<br \/>Jiutepec, Mor.<br \/><hr class=\"shortcode hr light-gray\" style=\"width:100%;border-width:1px;\" \/><\/p>\n<p><strong>Centro Podol\u00f3gico Diana<br \/><\/strong>Tel. (777) 322-3291<br \/>Cuernavaca, Mor.<br \/><hr class=\"shortcode hr light-gray\" style=\"width:100%;border-width:1px;\" \/><\/p>    <\/div>\n<\/div>\n<!-- \/module text -->        <\/div>\n                    <div  data-lazy=\"1\" class=\"module_column tb-column col3-1 tb_ffa1859 last\">\n                    <!-- module text -->\n<div  class=\"module module-text tb_737564e   \" data-lazy=\"1\">\n        <div  class=\"tb_text_wrap\">\n            <\/div>\n<\/div>\n<!-- \/module text --><!-- module text -->\n<div  class=\"module module-text tb_b850446   \" data-lazy=\"1\">\n        <div  class=\"tb_text_wrap\">\n        <div class=\"tb_layout_part_wrap tf_w\"><!--themify_builder_content-->\n    <div  class=\"themify_builder_content themify_builder_content-4771 themify_builder not_editable_builder in_the_loop\" data-postid=\"4771\">\n                        <div  data-lazy=\"1\" class=\"module_row themify_builder_row tb_57360ad tf_w\">\n                        <div class=\"row_inner col_align_top tb_col_count_1 tf_box tf_rel\">\n                        <div  data-lazy=\"1\" class=\"module_column tb-column col-full tb_065d41e first\">\n                    <!-- module image -->\n<div  class=\"module module-image tb_ee06636 image-center   tf_mw\" data-lazy=\"1\">\n        <div class=\"image-wrap tf_rel tf_mw\">\n            <a href=\"https:\/\/www.guiamedicamorelos.com\/wp-medicos\/contacto\">\n                   <img loading=\"lazy\" decoding=\"async\" width=\"278\" height=\"111\" src=\"https:\/\/www.guiamedicamorelos.com\/wp-medicos\/wp-content\/uploads\/2015\/07\/anunciate-guiamedicamorelos.jpg\" class=\"wp-post-image wp-image-4347\" alt=\"Gu\u00eda Medica Morelos\" srcset=\"https:\/\/www.guiamedicamorelos.com\/wp-medicos\/wp-content\/uploads\/2015\/07\/anunciate-guiamedicamorelos.jpg 278w, https:\/\/www.guiamedicamorelos.com\/wp-medicos\/wp-content\/uploads\/2015\/07\/anunciate-guiamedicamorelos-375x150.jpg 375w, https:\/\/www.guiamedicamorelos.com\/wp-medicos\/wp-content\/uploads\/2015\/07\/anunciate-guiamedicamorelos-200x80.jpg 200w\" sizes=\"auto, (max-width: 278px) 100vw, 278px\" \/>        <\/a>\n    \n        <\/div>\n    <!-- \/image-wrap -->\n    \n        <\/div>\n<!-- \/module image -->        <\/div>\n                        <\/div>\n        <\/div>\n                        <div  data-lazy=\"1\" class=\"module_row themify_builder_row tb_g0w1509 tf_w\">\n                        <div class=\"row_inner col_align_top tb_col_count_1 tf_box tf_rel\">\n                        <div  data-lazy=\"1\" class=\"module_column tb-column col-full tb_7e8a530 first\">\n                            <\/div>\n                        <\/div>\n        <\/div>\n            <\/div>\n<!--\/themify_builder_content--><\/div>\n    <\/div>\n<\/div>\n<!-- \/module text -->        <\/div>\n                        <\/div>\n        <\/div>\n                        <div  data-lazy=\"1\" class=\"module_row themify_builder_row tb_22a6913 tf_w\">\n                        <div class=\"row_inner col_align_top tb_col_count_1 tf_box tf_rel\">\n                        <div  data-lazy=\"1\" class=\"module_column tb-column col-full tb_5064853 first\">\n                    <!-- module text -->\n<div  class=\"module module-text tb_9d3012e   \" data-lazy=\"1\">\n        <div  class=\"tb_text_wrap\">\n        <div class=\"tb_layout_part_wrap tf_w\"><!--themify_builder_content-->\n    <div  class=\"themify_builder_content themify_builder_content-4420 themify_builder not_editable_builder in_the_loop\" data-postid=\"4420\">\n                        <div  data-lazy=\"1\" class=\"module_row themify_builder_row tb_aa4f163 tf_w\">\n                        <div class=\"row_inner col_align_top tb_col_count_1 tf_box tf_rel\">\n                        <div  data-lazy=\"1\" class=\"module_column tb-column col-full tb_487b434 first\">\n                    <!-- module text -->\n<div  class=\"module module-text tb_3490387  repeat \" data-lazy=\"1\">\n        <div  class=\"tb_text_wrap\">\n        <p><strong>NOTA IMPORTANTE:<\/strong> El objetivo de Gu\u00eda M\u00e9dica Morelos, es meramente informativo y de uso publicitario, sin recomendar expl\u00edcitamente alg\u00fan servicio y\/o producto aqu\u00ed anunciado o listado.<\/p>    <\/div>\n<\/div>\n<!-- \/module text -->        <\/div>\n                        <\/div>\n        <\/div>\n            <\/div>\n<!--\/themify_builder_content--><\/div>\n    <\/div>\n<\/div>\n<!-- \/module text -->        <\/div>\n                        <\/div>\n        <\/div>\n        <\/div>\n<!--\/themify_builder_content-->","protected":false},"excerpt":{"rendered":"<p>Pod\u00f3logos\u00a0en Cuernavaca Cl\u00ednica de Especialidades Podol\u00f3gicasy \u00a0Podi\u00e1tricas de Morelos Podolog\u00eda Integral, Trastornos en U\u00f1as, Onicomicosis, Dermatomicosis, Ortopedia Especializada. Diagn\u00f3stico y tratamiento:Pie plano problema de postura, cansancio, dolor de rodillas, dolor de espalda. Matrisectomia: eliminaci\u00f3n de la u\u00f1a encarnada recurrente, U\u00f1a encarnada sin dolor, Facitis plantar, Juanetes, Problemas de circulaci\u00f3n: Ulceras Varicosas, Heridas complicadas. \u00a1Haz tu [&hellip;]<\/p>\n","protected":false},"author":1,"featured_media":0,"parent":0,"menu_order":0,"comment_status":"closed","ping_status":"closed","template":"","meta":{"_monsterinsights_skip_tracking":false,"_monsterinsights_sitenote_active":false,"_monsterinsights_sitenote_note":"","_monsterinsights_sitenote_category":0,"footnotes":""},"class_list":["post-4524","page","type-page","status-publish","hentry","has-post-title","has-post-date","has-post-category","has-post-tag","has-post-comment","has-post-author",""],"amp_enabled":true,"builder_content":"[themify_layout_part id=5987]\n<p>Pod\u00f3logos\u00a0en Cuernavaca<\/p>\n<p><img loading=\"lazy\" decoding=\"async\" src=\"https:\/\/www.guiamedicamorelos.com\/wp-medicos\/wp-content\/uploads\/2015\/08\/insercion-vip.png\" alt=\"insercion vip\" width=\"133\" height=\"30\"><\/p> <p style=\"text-align: left;\"><strong>Cl\u00ednica de Especialidades Podol\u00f3gicas<br>y \u00a0Podi\u00e1tricas de Morelos<\/strong><\/p> <p>Podolog\u00eda Integral, Trastornos en U\u00f1as, Onicomicosis, Dermatomicosis, Ortopedia Especializada.<br><br><strong>Diagn\u00f3stico y tratamiento:<\/strong><br>Pie plano problema de postura, cansancio, dolor de rodillas, dolor de espalda. Matrisectomia: eliminaci\u00f3n de la u\u00f1a encarnada recurrente, U\u00f1a encarnada sin dolor, Facitis plantar, Juanetes,<\/p> <p><strong>Problemas de circulaci\u00f3n:<\/strong> Ulceras Varicosas, Heridas complicadas.<br><br><img loading=\"lazy\" decoding=\"async\" src=\"https:\/\/www.guiamedicamorelos.com\/wp-medicos\/wp-content\/uploads\/2023\/01\/logo-podologo-julio-castro-cuernavaca.jpg\" alt=\"\" width=\"400\" height=\"158\" srcset=\"https:\/\/www.guiamedicamorelos.com\/wp-medicos\/wp-content\/uploads\/2023\/01\/logo-podologo-julio-castro-cuernavaca.jpg 400w, https:\/\/www.guiamedicamorelos.com\/wp-medicos\/wp-content\/uploads\/2023\/01\/logo-podologo-julio-castro-cuernavaca-300x119.jpg 300w\" sizes=\"auto, (max-width: 400px) 100vw, 400px\" \/><\/p> <p><strong style=\"color: #434b6e; text-align: left;\">\u00a1Haz tu cita!<br><\/strong>Cel. (777) 104-4883\u00a0<img decoding=\"async\" style=\"color: #434b6e; text-align: left;\" src=\"data:image\/png;base64,iVBORw0KGgoAAAANSUhEUgAAABkAAAAXCAYAAAD+4+QTAAAF90lEQVRIiS3U3Y+UVx3A8e\/vnPO8zczuzLILLK20vGNLpC2QWBtIemFMrdFEL4wvMY1Rbk2MMf4dXnjjH2CiiYkoNbEGE5tSIpVa20JbCiUuC3aB3dnZmXme5zznzYv6F3zuPjIN6ym5nIxlUlA4CSiVCKGmV+QQNSYT2lSjRQGCS4lSBiQCxJrQWArfh2QIg4xZZ6l0QYoenTpMColeUTKftPSqHiIaRyArciyOoB2WjlZqtutNmqah3xtSZH2GZohRjn6\/orMR8RHnLKRAShGAoMAU0mM2mTEol4k+4GNCDwyOjgk7XNt6l+t3bzCePUIZRQgBMRrnE6tLj3Fo9ASn951iVCySF0IZhdT8H1FCAsTWk2R0BlEztQ3lcEiL5eP6Ay5d\/xtr\/j62dHg6RAud94gIWudoq1hSK1Rdxctf+ipPsJclDEXI8MEQfAITETdzKaRIFNB9xZgxb2+\/w6tX\/0Qagc0DVhzJO8RoUmFwtqOvKlIb8Z2m1AMKV\/C1M1\/mheo4WRBU6BGDIemAilpIShAUNS037U3++t5f0Ls0nbcwS5RNQS4FzgW61iGiaduaiMf0oGbKLJ9z4Y0\/8p94F68jXiLaCCqB6qTFiSOvDAK8du01NsMYVwfOHT3HL87+nJcPv4TsFChfkrsK1Qp126EKIfgarSwNU9Ji4PevX2DMDiYzOOeQBCpJRJVCqzyXb1\/loZ1gyoKVai\/ndr\/IHpY5ufsEleqBKNrWEVWG6edst1MaX+PoiNIyCRMexDE3tm5R01BkBiSiFJoowhYN1+5dp4sBsTn7h8fIWcRg2MUihw58jpmd0Yin1oFtN8fl0GmY+YYgFq86dozlHzf\/TUKRUiLGiFEh4fBsM2W9+ZR51pLHgkeTMRpNhuCJTCc7AGSVYdrMSCrRhYggmCyj7uZkOtKExN3JAwIBZTQpgJKkgMiEB0zDNhOp2VY7rM\/XGLNBR817d95hfe0eOiTa6ZhCRXIMto7s2IjPS5oYiCkhpabuGh7MN4kCToMyEjBA085QWcSlFis1W2GDSzcv0eI5dPA4w2xI3hjyIEjrYBbppwFL1R6mmw14hRjNfD4nCcQYgUiShCJaNJ5Bpol1QxY9CcssbfPWratcb24j9PjuV77D42qVvDGUvqRsC5bjEO5bRr5PP19gPrOf\/RYTfEaQUkKFJHhgRe9GOoVKBhcCszhjM0347eWLfBjXWGTED1\/6ASdXTtIflzw1OMbPXvwJP\/3GeU7v+TzdliV0gULl4AOjhRFGDJLARLVICB19vZsj+05wZXIVqzRKOVLleb+5Tfvm7zh\/9tscYJUfP\/8KG0c3WFleZYEehxnx9LOPEQaWK5+8TVtbvrD\/KQoKnPeYJKiQGYgFBuHMkecINiNETVSamZ9TVy0fjj\/il3\/4FX+\/dxlBs3\/5IAv0ESKehoRl+9EY02WYNuOZY89hUBAimWiMNUDnWfSaU6vHOLjnAP\/cep+iUiAR56aoqmDdbfDrq7\/hzwuvc+boKU4\/+Qx7WWKTDS68+yq31tfIpcf+3n6eH34RQYg+kCuNkRDQEimIlBgyU2KyCttNyAuD1oEuNlgFusiZNXe489YaF9+4iKSEyzqUUpRhQK8z\/Ohb3ydH8HPHIFsghojpx5bO1rCQ09Bw79F\/mUVLZhTztkaLQwmYCD7VBHH4MscWBpMyYgO9NmOJHue\/\/gpHZA\/aa0xRYJ1HtMKYJKANoHl4\/wHu\/pzl0YDHV4doE7m7\/gmIRwREK6yAj4kYAykJQ0Yc33uA7537Jk9Xh6ELYAPBRHSWk0JEptYmFQOmbfl05yH3sprRvhUqFJ6OG5ObvPmvK1z\/6AOSAQpFYy27+gscWH2Ssyde4NTuZ+mREVpHQUmvWKBtPRohSwnZadtU6owMRWgb2gKCiqjk8QRqEzAUeDo2wiN27IyyV7KLPj0Kcgx4KFSJs4FCV0gy4AK9vCC5DunqJsUYyTAEgXl0AAzzCh86bApEiWQCkmmcBocn4NAeKq8xKmfuPWIyMinwdcti0SN1DlTifzCyQ+fxCLASAAAAAElFTkSuQmCC\" alt=\"\"><strong><br><br>Zona Centro<\/strong><br>Blvd. Benito Ju\u00e1rez No.204-A , Col. Centro.<br>Tel. (777) 312-7945<br>Cuernavaca, Mor.<\/p> <p><strong>Zona Norte<\/strong><br>Av. Vicente Guerrero No. 598 Col. Prados de Cuernavaca<br>(Frente a Comisi\u00f3n Federal de Electricidad CFE)<br>Tel. (777) 313-5910 y (777) 311-0974<br>Cuernavaca, Mor.<\/p> <p><strong>Horarios de Atenci\u00f3n<\/strong><em><strong><br><\/strong><\/em>Lunes a Viernes de 9:00 a 14:00 hrs y de 16:00 a 18:30 hrs<br>S\u00e1bados de 10:00 a 14:00 hrs<a href=\"https:\/\/www.guiamedicamorelos.com\/wp-medicos\/clinica-especialidades-podologicas-y-podiatricas-de-morelos\/\"><br><\/a><\/p> <b>Atenci\u00f3n Especial<\/b> <b>Lic. Julio Castro Robles<\/b> T\u00e9cnico Profesional en Podolog\u00eda. Facultad: Instituto Podologico Toluca A.C. Toluca de Lerdo, \u00a0Edo. de M\u00e9xico C\u00e9dula Prof. 13991718 <p><a style=\"background-color: #9a9fb9; color: #ffffff;\" href=\"https:\/\/www.guiamedicamorelos.com\/wp-medicos\/clinica-especialidades-podologicas-y-podiatricas-de-morelos\">Ir a P\u00e1gina Web del la Cl\u00ednica Podol\u00f3gica<\/a><\/p> <hr style=\"width: 100%; border-width: 1px;\">\n<p><strong>Norma Elizabeth Valdez C.<\/strong><br \/>Tel. (777) 124-0400<br \/>Jiutepec, Mor.<br \/>[themify_hr color=\"light-gray\" width=\"100%\" border_width=\"1px\" ]<\/p> <p><strong>Centro Podol\u00f3gico Diana<br \/><\/strong>Tel. (777) 322-3291<br \/>Cuernavaca, Mor.<br \/>[themify_hr color=\"light-gray\" width=\"100%\" border_width=\"1px\" ]<\/p>\n<p>[themify_layout_part slug=\"siguenos-facebook\"]<\/p>\n<p>[themify_layout_part id=\"4771\"]<\/p>\n<p>[themify_layout_part id=4420]<\/p>","_links":{"self":[{"href":"https:\/\/www.guiamedicamorelos.com\/wp-medicos\/wp-json\/wp\/v2\/pages\/4524","targetHints":{"allow":["GET"]}}],"collection":[{"href":"https:\/\/www.guiamedicamorelos.com\/wp-medicos\/wp-json\/wp\/v2\/pages"}],"about":[{"href":"https:\/\/www.guiamedicamorelos.com\/wp-medicos\/wp-json\/wp\/v2\/types\/page"}],"author":[{"embeddable":true,"href":"https:\/\/www.guiamedicamorelos.com\/wp-medicos\/wp-json\/wp\/v2\/users\/1"}],"replies":[{"embeddable":true,"href":"https:\/\/www.guiamedicamorelos.com\/wp-medicos\/wp-json\/wp\/v2\/comments?post=4524"}],"version-history":[{"count":33,"href":"https:\/\/www.guiamedicamorelos.com\/wp-medicos\/wp-json\/wp\/v2\/pages\/4524\/revisions"}],"predecessor-version":[{"id":9798,"href":"https:\/\/www.guiamedicamorelos.com\/wp-medicos\/wp-json\/wp\/v2\/pages\/4524\/revisions\/9798"}],"wp:attachment":[{"href":"https:\/\/www.guiamedicamorelos.com\/wp-medicos\/wp-json\/wp\/v2\/media?parent=4524"}],"curies":[{"name":"wp","href":"https:\/\/api.w.org\/{rel}","templated":true}]}}